{"id":132,"date":"2019-02-25T09:50:48","date_gmt":"2019-02-25T09:50:48","guid":{"rendered":"http:\/\/vihan.themestek.com\/?page_id=132"},"modified":"2021-07-01T18:38:58","modified_gmt":"2021-07-01T16:38:58","slug":"homepage-2","status":"publish","type":"page","link":"https:\/\/smlfashion.pl\/blog\/","title":{"rendered":"Blog modowy &#8211; stylizacje &#8211; moda &#8211; butik online"},"content":{"rendered":"<p>[vc_row css=&#8221;.vc_custom_1554445768452{padding-top: 0px !important;padding-bottom: 5px !important;}&#8221;][vc_column][vc_column_text][mc4wp_form id=&#8221;415&#8243;][\/vc_column_text][\/vc_column][\/vc_row][vc_row el_class=&#8221;themestek_page_sidebar&#8221; css=&#8221;.vc_custom_1554098147249{padding-bottom: 60px !important;}&#8221; themestek_responsive_css=&#8221;79962964|colbreak_no|||||||||colbreak_no|||||||||colbreak_no|||||10||0|||colbreak_no|||||||||&#8221;][vc_column width=&#8221;3\/4&#8243; css=&#8221;.vc_custom_1533806235186{padding-right: 15px !important;padding-left: 15px !important;}&#8221; el_class=&#8221;stikyprimary&#8221;]<div class=\"themestek-boxes themestek-boxes-blog themestek-boxes-view-default themestek-boxes-col-one themestek-boxes-sortable-no themestek-boxes-textalign-center themestek-boxes-sortablebutton- \">\r\n\t\t<div class=\"themestek-boxes-inner themestek-boxes-blog-inner \">\r\n\t\t\t\r\n\t\t\t\r\n\t\t\t<div class=\"row multi-columns-row themestek-boxes-row-wrapper\">\r\n\t\t\t\t<div class=\"themestek-box-col-wrapper col-lg-12 col-sm-12 col-md-12 col-xs-12 fashion\"><article class=\"themestek-box themestek-box-blog themestek-blogbox-style-3 themestek-blogbox-format-image \">\r\n\t<div class=\"post-item clearfix\">\r\n\t\t\t\t<div class=\"themestek-box-img-left\">\r\n\t\t\t<div class=\"themestek-featured-wrapper themestek-post-featured-wrapper themestek-post-format-image\"><a href=\"https:\/\/smlfashion.pl\/blog\/sweter-damski-karmelowy-z-fredzlami-modny-i-ponadczasowy-wybor-na-chlodniejsze-dni\/\"><img loading=\"lazy\" decoding=\"async\" width=\"657\" height=\"800\" src=\"https:\/\/smlfashion.pl\/blog\/wp-content\/uploads\/2026\/02\/sweter-657x800.jpg\" class=\"attachment-themestek-img-700x800 size-themestek-img-700x800 wp-post-image\" alt=\"sweter damski karmelowy\" data-id=\"2514\" \/><\/a><\/div>\t\t\r\n\t\t<\/div>\r\n\t\t<div class=\"themestek-box-des-right\">\r\n\t\t <div class=\"themestek-box-content\">\t\r\n\t\t\t<!-- Meta -->\r\n\t\t\t<div class=\"themestek-entry-meta-wrapper\"><div class=\"entry-meta themestek-entry-meta themestek-entry-meta-blogbox\"><span class=\"themestek-meta-line cat-links\"><span class=\"screen-reader-text themestek-hide\">Categories <\/span><a href=\"https:\/\/smlfashion.pl\/blog\/category\/fashion\/\">Fashion<\/a><\/span><\/div><\/div>\t\t\r\n\t\t\t<div class=\"themestek-box-title\"><h4><a href=\"https:\/\/smlfashion.pl\/blog\/sweter-damski-karmelowy-z-fredzlami-modny-i-ponadczasowy-wybor-na-chlodniejsze-dni\/\">Sweter damski karmelowy z fr\u0119dzlami \u2013 modny i ponadczasowy wyb\u00f3r na ch\u0142odniejsze dni<\/a><\/h4><\/div>\r\n\t\t\t<div class=\"themestek-box-desc\">\r\n\t\t\t\t<div class=\"themestek-box-desc-footer\">\r\n\t\t\t\t\t<div class=\"themestek-blogbox-desc-footer\">\r\n\r\n\t\t\t\t\t\t<span class=\"themestek-avatar\">\r\n\t\t\t\t\t\t\t<span class=\"themestek-meta-by\">by<\/span>\r\n\t\t\t\t\t\t\tsmlfashion\t\t\t\t\t\t<\/span>\r\n\r\n\t\t\t\t\t\t<span class=\"themestek-meta-line posted-on\">\r\n\t\t\t\t\t\t\t<span class=\"screen-reader-text themestek-hide\">\r\n\t\t\t\t\t\t\t\tPosted on\t\t\t\t\t\t\t<\/span>\r\n\t\t\t\t\t\t\t<a href=\"https:\/\/smlfashion.pl\/blog\/sweter-damski-karmelowy-z-fredzlami-modny-i-ponadczasowy-wybor-na-chlodniejsze-dni\/\" rel=\"bookmark\">\r\n\t\t\t\t\t\t\t\t<time class=\"entry-date published\" datetime=\"2026-02-20T19:13:38+01:00\">20 lutego 2026<\/time>\r\n\t\t\t\t\t\t\t\t<time class=\"updated themestek-hide\" datetime=\"2026-02-20T19:23:27+01:00\">20 lutego 2026<\/time>\r\n\t\t\t\t\t\t\t<\/a>\r\n\t\t\t\t\t\t<\/span>\r\n\r\n\t\t\t\t\t<\/div>\r\n\t\t\t\t   <div class=\"themestek-box-desc-text\">\r\n\t\t\t\t   \t<P><p data-start=\"159\" data-end=\"245\"><a href=\"https:\/\/smlfashion.pl\/swetry-damskie\/441-sweter-damski-karmelowy-z-fredzlami-wizaz.html\">Sweter damski karmelowy z fr\u0119dzlami<\/a> \u2013 modny i ponadczasowy wyb\u00f3r na ch\u0142odniejsze dni<\/p>\r\n<p data-start=\"247\" data-end=\"638\">Sweter damski to jeden z najwa\u017cniejszych element\u00f3w garderoby w sezonie jesienno-zimowym, ale odpowiednio dobrany model sprawdzi si\u0119 przez ca\u0142y rok. Szczeg\u00f3ln\u0105 popularno\u015bci\u0105 ciesz\u0105 si\u0119 swetry w ciep\u0142ych, naturalnych odcieniach, takich jak karmel. Sweter damski karmelowy z fr\u0119dzlami to doskona\u0142e po\u0142\u0105czenie stylu, wygody i funkcjonalno\u015bci, kt\u00f3re idealnie wpisuje si\u0119 w aktualne trendy modowe.<\/p>\r\n<p data-start=\"247\" data-end=\"638\"><\/p><\/P>\r\n\t\t\t\t   <\/div>\r\n\t\t\t\t\t<div class=\"themestek-blogbox-footer-readmore\">\r\n\t\t\t\t\t\t<div class=\"themestek-blogbox-footer-left themestek-wrap-cell\"><a href=\"https:\/\/smlfashion.pl\/blog\/sweter-damski-karmelowy-z-fredzlami-modny-i-ponadczasowy-wybor-na-chlodniejsze-dni\/\">Czytaj wi\u0119cej...<\/a><\/div>\t\t\t\t\t<\/div>\r\n\r\n\t\t\t\t<\/div>\r\n\t\t\t<\/div>\t\t\t\r\n\t\t<\/div> \r\n\t\t   <\/div>\r\n\t<\/div>\r\n<\/article><\/div><div class=\"themestek-box-col-wrapper col-lg-12 col-sm-12 col-md-12 col-xs-12 fashion\"><article class=\"themestek-box themestek-box-blog themestek-blogbox-style-3 themestek-blogbox-format-image \">\r\n\t<div class=\"post-item clearfix\">\r\n\t\t\t\t<div class=\"themestek-box-img-left\">\r\n\t\t\t<div class=\"themestek-featured-wrapper themestek-post-featured-wrapper themestek-post-format-image\"><a href=\"https:\/\/smlfashion.pl\/blog\/nie-uwierzysz-za-ile-dostaniesz-ten-kardigan-modowy-hit-jesieni\/\"><img loading=\"lazy\" decoding=\"async\" width=\"700\" height=\"800\" src=\"https:\/\/smlfashion.pl\/blog\/wp-content\/uploads\/2024\/12\/kardigan-12-700x800.jpg\" class=\"attachment-themestek-img-700x800 size-themestek-img-700x800 wp-post-image\" alt=\"kardigan damski butik online sklep tani\" data-id=\"2504\" \/><\/a><\/div>\t\t\r\n\t\t<\/div>\r\n\t\t<div class=\"themestek-box-des-right\">\r\n\t\t <div class=\"themestek-box-content\">\t\r\n\t\t\t<!-- Meta -->\r\n\t\t\t<div class=\"themestek-entry-meta-wrapper\"><div class=\"entry-meta themestek-entry-meta themestek-entry-meta-blogbox\"><span class=\"themestek-meta-line cat-links\"><span class=\"screen-reader-text themestek-hide\">Categories <\/span><a href=\"https:\/\/smlfashion.pl\/blog\/category\/fashion\/\">Fashion<\/a><\/span><\/div><\/div>\t\t\r\n\t\t\t<div class=\"themestek-box-title\"><h4><a href=\"https:\/\/smlfashion.pl\/blog\/nie-uwierzysz-za-ile-dostaniesz-ten-kardigan-modowy-hit-jesieni\/\">Nie uwierzysz, za ile dostaniesz ten kardigan modowy hit jesieni!<\/a><\/h4><\/div>\r\n\t\t\t<div class=\"themestek-box-desc\">\r\n\t\t\t\t<div class=\"themestek-box-desc-footer\">\r\n\t\t\t\t\t<div class=\"themestek-blogbox-desc-footer\">\r\n\r\n\t\t\t\t\t\t<span class=\"themestek-avatar\">\r\n\t\t\t\t\t\t\t<span class=\"themestek-meta-by\">by<\/span>\r\n\t\t\t\t\t\t\tsmlfashion\t\t\t\t\t\t<\/span>\r\n\r\n\t\t\t\t\t\t<span class=\"themestek-meta-line posted-on\">\r\n\t\t\t\t\t\t\t<span class=\"screen-reader-text themestek-hide\">\r\n\t\t\t\t\t\t\t\tPosted on\t\t\t\t\t\t\t<\/span>\r\n\t\t\t\t\t\t\t<a href=\"https:\/\/smlfashion.pl\/blog\/nie-uwierzysz-za-ile-dostaniesz-ten-kardigan-modowy-hit-jesieni\/\" rel=\"bookmark\">\r\n\t\t\t\t\t\t\t\t<time class=\"entry-date published\" datetime=\"2024-12-07T11:52:14+01:00\">7 grudnia 2024<\/time>\r\n\t\t\t\t\t\t\t\t<time class=\"updated themestek-hide\" datetime=\"2024-12-07T12:03:39+01:00\">7 grudnia 2024<\/time>\r\n\t\t\t\t\t\t\t<\/a>\r\n\t\t\t\t\t\t<\/span>\r\n\r\n\t\t\t\t\t<\/div>\r\n\t\t\t\t   <div class=\"themestek-box-desc-text\">\r\n\t\t\t\t   \t<P>Szukasz idealnego elementu garderoby, kt\u00f3ry otuli Ci\u0119 w ch\u0142odniejsze dni, a jednocze\u015bnie podkre\u015bli Tw\u00f3j styl? Przedstawiamy <strong>kardigan damski ecru w stylu narzutki Poeme<\/strong> \u2013 absolutny must-have tego sezonu, dost\u0119pny w rewelacyjnej cenie! Jesie\u0144 to czas, kiedy nasza garderoba potrzebuje odrobiny ciep\u0142a i stylu. Je\u015bli szukasz idealnego elementu, kt\u00f3ry doda elegancji Twoim codziennym stylizacjom, mamy dla Ciebie co\u015b wyj\u0105tkowego \u2013\u00a0<strong><a href=\"https:\/\/smlfashion.pl\/kardigany-damskie\/651-kardigan-damski-ecri-narzutka-z-kieszonkami-poeme.html\">kardigan damski<\/a> ecri narzutka z kieszonkami<\/strong> od <a href=\"http:\/\/www.smlfashion.pl\">www.smlfashion.pl<\/a> ! ????\r\n\r\n<\/P>\r\n\t\t\t\t   <\/div>\r\n\t\t\t\t\t<div class=\"themestek-blogbox-footer-readmore\">\r\n\t\t\t\t\t\t<div class=\"themestek-blogbox-footer-left themestek-wrap-cell\"><a href=\"https:\/\/smlfashion.pl\/blog\/nie-uwierzysz-za-ile-dostaniesz-ten-kardigan-modowy-hit-jesieni\/\">Czytaj wi\u0119cej...<\/a><\/div>\t\t\t\t\t<\/div>\r\n\r\n\t\t\t\t<\/div>\r\n\t\t\t<\/div>\t\t\t\r\n\t\t<\/div> \r\n\t\t   <\/div>\r\n\t<\/div>\r\n<\/article><\/div><div class=\"themestek-box-col-wrapper col-lg-12 col-sm-12 col-md-12 col-xs-12 fashion\"><article class=\"themestek-box themestek-box-blog themestek-blogbox-style-3 themestek-blogbox-format- \">\r\n\t<div class=\"post-item clearfix\">\r\n\t\t\t\t<div class=\"themestek-box-img-left\">\r\n\t\t\t<div class=\"themestek-featured-wrapper themestek-post-featured-wrapper themestek-post-format-\"><a href=\"https:\/\/smlfashion.pl\/blog\/modowy-hit-jesieni-nie-uwierzysz-jak-tanio-mozesz-kupic-ten-sweter\/\"><img loading=\"lazy\" decoding=\"async\" width=\"495\" height=\"567\" src=\"https:\/\/smlfashion.pl\/blog\/wp-content\/uploads\/2024\/11\/7fcdb596476d69c5a122.jpg\" class=\"attachment-themestek-img-700x800 size-themestek-img-700x800 wp-post-image\" alt=\"Sweter damski\" srcset=\"https:\/\/smlfashion.pl\/blog\/wp-content\/uploads\/2024\/11\/7fcdb596476d69c5a122.jpg 495w, https:\/\/smlfashion.pl\/blog\/wp-content\/uploads\/2024\/11\/7fcdb596476d69c5a122-262x300.jpg 262w\" sizes=\"(max-width: 495px) 100vw, 495px\" data-id=\"2489\" \/><\/a><\/div>\t\t\r\n\t\t<\/div>\r\n\t\t<div class=\"themestek-box-des-right\">\r\n\t\t <div class=\"themestek-box-content\">\t\r\n\t\t\t<!-- Meta -->\r\n\t\t\t<div class=\"themestek-entry-meta-wrapper\"><div class=\"entry-meta themestek-entry-meta themestek-entry-meta-blogbox\"><span class=\"themestek-meta-line cat-links\"><span class=\"screen-reader-text themestek-hide\">Categories <\/span><a href=\"https:\/\/smlfashion.pl\/blog\/category\/fashion\/\">Fashion<\/a><\/span><\/div><\/div>\t\t\r\n\t\t\t<div class=\"themestek-box-title\"><h4><a href=\"https:\/\/smlfashion.pl\/blog\/modowy-hit-jesieni-nie-uwierzysz-jak-tanio-mozesz-kupic-ten-sweter\/\">Modowy hit jesieni nie uwierzysz jak tanio mo\u017cesz kupi\u0107 ten sweter.<\/a><\/h4><\/div>\r\n\t\t\t<div class=\"themestek-box-desc\">\r\n\t\t\t\t<div class=\"themestek-box-desc-footer\">\r\n\t\t\t\t\t<div class=\"themestek-blogbox-desc-footer\">\r\n\r\n\t\t\t\t\t\t<span class=\"themestek-avatar\">\r\n\t\t\t\t\t\t\t<span class=\"themestek-meta-by\">by<\/span>\r\n\t\t\t\t\t\t\tsmlfashion\t\t\t\t\t\t<\/span>\r\n\r\n\t\t\t\t\t\t<span class=\"themestek-meta-line posted-on\">\r\n\t\t\t\t\t\t\t<span class=\"screen-reader-text themestek-hide\">\r\n\t\t\t\t\t\t\t\tPosted on\t\t\t\t\t\t\t<\/span>\r\n\t\t\t\t\t\t\t<a href=\"https:\/\/smlfashion.pl\/blog\/modowy-hit-jesieni-nie-uwierzysz-jak-tanio-mozesz-kupic-ten-sweter\/\" rel=\"bookmark\">\r\n\t\t\t\t\t\t\t\t<time class=\"entry-date published\" datetime=\"2024-11-28T19:18:31+01:00\">28 listopada 2024<\/time>\r\n\t\t\t\t\t\t\t\t<time class=\"updated themestek-hide\" datetime=\"2024-11-28T19:38:25+01:00\">28 listopada 2024<\/time>\r\n\t\t\t\t\t\t\t<\/a>\r\n\t\t\t\t\t\t<\/span>\r\n\r\n\t\t\t\t\t<\/div>\r\n\t\t\t\t   <div class=\"themestek-box-desc-text\">\r\n\t\t\t\t   \t<P>&nbsp;\r\n\r\nWyj\u0105tkowy sweter z a\u017curow\u0105 struktur\u0105 i falbanami na ramionach to kwintesencja elegancji i wygody. Mi\u0119kki, bawe\u0142niany materia\u0142 otuli Ci\u0119 komfortem, a wszechstronny kolor ecru dopasuje si\u0119 do ka\u017cdej stylizacji \u2013 od biurowej klasyki po wieczorne wyj\u015bcia.\r\n\r\n<\/P>\r\n\t\t\t\t   <\/div>\r\n\t\t\t\t\t<div class=\"themestek-blogbox-footer-readmore\">\r\n\t\t\t\t\t\t<div class=\"themestek-blogbox-footer-left themestek-wrap-cell\"><a href=\"https:\/\/smlfashion.pl\/blog\/modowy-hit-jesieni-nie-uwierzysz-jak-tanio-mozesz-kupic-ten-sweter\/\">Czytaj wi\u0119cej...<\/a><\/div>\t\t\t\t\t<\/div>\r\n\r\n\t\t\t\t<\/div>\r\n\t\t\t<\/div>\t\t\t\r\n\t\t<\/div> \r\n\t\t   <\/div>\r\n\t<\/div>\r\n<\/article><\/div><div class=\"themestek-box-col-wrapper col-lg-12 col-sm-12 col-md-12 col-xs-12 fashion\"><article class=\"themestek-box themestek-box-blog themestek-blogbox-style-3 themestek-blogbox-format- \">\r\n\t<div class=\"post-item clearfix\">\r\n\t\t\t\t<div class=\"themestek-box-img-left\">\r\n\t\t\t<div class=\"themestek-featured-wrapper themestek-post-featured-wrapper themestek-post-format-\"><a href=\"https:\/\/smlfashion.pl\/blog\/modny-zestaw-damski-w-kolorze-pudrowego-rozu-niebanalna-stylizacja-na-kazda-okazje\/\"><img loading=\"lazy\" decoding=\"async\" width=\"700\" height=\"800\" src=\"https:\/\/smlfashion.pl\/blog\/wp-content\/uploads\/2023\/04\/komplet-komplety-damskie-hiszpanka-spodniczka-i-top-hiszpanski-z-marszczeniem-pudrowy-roz-na-lato-6-700x800.webp\" class=\"attachment-themestek-img-700x800 size-themestek-img-700x800 wp-post-image\" alt=\"komplet komplety damskie hiszpanka sp\u00f3dniczka i top hiszpa\u0144ski z marszczeniem pudrowy r\u00f3\u017c na lato (6)\" data-id=\"2486\" \/><\/a><\/div>\t\t\r\n\t\t<\/div>\r\n\t\t<div class=\"themestek-box-des-right\">\r\n\t\t <div class=\"themestek-box-content\">\t\r\n\t\t\t<!-- Meta -->\r\n\t\t\t<div class=\"themestek-entry-meta-wrapper\"><div class=\"entry-meta themestek-entry-meta themestek-entry-meta-blogbox\"><span class=\"themestek-meta-line cat-links\"><span class=\"screen-reader-text themestek-hide\">Categories <\/span><a href=\"https:\/\/smlfashion.pl\/blog\/category\/fashion\/\">Fashion<\/a><\/span><\/div><\/div>\t\t\r\n\t\t\t<div class=\"themestek-box-title\"><h4><a href=\"https:\/\/smlfashion.pl\/blog\/modny-zestaw-damski-w-kolorze-pudrowego-rozu-niebanalna-stylizacja-na-kazda-okazje\/\">Modny zestaw damski w kolorze pudrowego r\u00f3\u017cu &#8211; niebanalna stylizacja na ka\u017cd\u0105 okazj\u0119<\/a><\/h4><\/div>\r\n\t\t\t<div class=\"themestek-box-desc\">\r\n\t\t\t\t<div class=\"themestek-box-desc-footer\">\r\n\t\t\t\t\t<div class=\"themestek-blogbox-desc-footer\">\r\n\r\n\t\t\t\t\t\t<span class=\"themestek-avatar\">\r\n\t\t\t\t\t\t\t<span class=\"themestek-meta-by\">by<\/span>\r\n\t\t\t\t\t\t\tsmlfashion\t\t\t\t\t\t<\/span>\r\n\r\n\t\t\t\t\t\t<span class=\"themestek-meta-line posted-on\">\r\n\t\t\t\t\t\t\t<span class=\"screen-reader-text themestek-hide\">\r\n\t\t\t\t\t\t\t\tPosted on\t\t\t\t\t\t\t<\/span>\r\n\t\t\t\t\t\t\t<a href=\"https:\/\/smlfashion.pl\/blog\/modny-zestaw-damski-w-kolorze-pudrowego-rozu-niebanalna-stylizacja-na-kazda-okazje\/\" rel=\"bookmark\">\r\n\t\t\t\t\t\t\t\t<time class=\"entry-date published\" datetime=\"2023-04-26T12:54:27+02:00\">26 kwietnia 2023<\/time>\r\n\t\t\t\t\t\t\t\t<time class=\"updated themestek-hide\" datetime=\"2023-04-26T12:54:27+02:00\">26 kwietnia 2023<\/time>\r\n\t\t\t\t\t\t\t<\/a>\r\n\t\t\t\t\t\t<\/span>\r\n\r\n\t\t\t\t\t<\/div>\r\n\t\t\t\t   <div class=\"themestek-box-desc-text\">\r\n\t\t\t\t   \t<P>Poczuj si\u0119 jak bogini w romantycznym komplecie damskim z hiszpank\u0105 i sp\u00f3dnic\u0105 z falbankami w kolorze pudrowego r\u00f3\u017cu. Wybierz wygodny i elegancki zestaw na lato, kt\u00f3ry sprawi, \u017ce poczujesz si\u0119 wyj\u0105tkowo w ka\u017cdej sytuacji. Znajd\u017a sw\u00f3j niebanalny styl na ka\u017cd\u0105 okazj\u0119 i przyci\u0105gnij uwag\u0119 swoj\u0105 subtelno\u015bci\u0105 i delikatno\u015bci\u0105. Sprawd\u017a nasz\u0105 ofert\u0119 i zainspiruj si\u0119 najnowszymi trendami mody! Pi\u0119kne <a href=\"https:\/\/smlfashion.pl\/20-komplety-damskie\">komplety damskie<\/a>\r\n\r\n<\/P>\r\n\t\t\t\t   <\/div>\r\n\t\t\t\t\t<div class=\"themestek-blogbox-footer-readmore\">\r\n\t\t\t\t\t\t<div class=\"themestek-blogbox-footer-left themestek-wrap-cell\"><a href=\"https:\/\/smlfashion.pl\/blog\/modny-zestaw-damski-w-kolorze-pudrowego-rozu-niebanalna-stylizacja-na-kazda-okazje\/\">Czytaj wi\u0119cej...<\/a><\/div>\t\t\t\t\t<\/div>\r\n\r\n\t\t\t\t<\/div>\r\n\t\t\t<\/div>\t\t\t\r\n\t\t<\/div> \r\n\t\t   <\/div>\r\n\t<\/div>\r\n<\/article><\/div><div class=\"themestek-box-col-wrapper col-lg-12 col-sm-12 col-md-12 col-xs-12 fashion\"><article class=\"themestek-box themestek-box-blog themestek-blogbox-style-3 themestek-blogbox-format-image \">\r\n\t<div class=\"post-item clearfix\">\r\n\t\t\t\t<div class=\"themestek-box-img-left\">\r\n\t\t\t<div class=\"themestek-featured-wrapper themestek-post-featured-wrapper themestek-post-format-image\"><a href=\"https:\/\/smlfashion.pl\/blog\/czy-sukienki-w-kwiaty-sa-modne-na-wesele\/\"><img loading=\"lazy\" decoding=\"async\" width=\"700\" height=\"800\" src=\"https:\/\/smlfashion.pl\/blog\/wp-content\/uploads\/2023\/03\/czarna-mini-sukienka-z-koronkami-13-700x800.jpeg\" class=\"attachment-themestek-img-700x800 size-themestek-img-700x800 wp-post-image\" alt=\"letnia sukienka w kwiaty\" data-id=\"2456\" \/><\/a><\/div>\t\t\r\n\t\t<\/div>\r\n\t\t<div class=\"themestek-box-des-right\">\r\n\t\t <div class=\"themestek-box-content\">\t\r\n\t\t\t<!-- Meta -->\r\n\t\t\t<div class=\"themestek-entry-meta-wrapper\"><div class=\"entry-meta themestek-entry-meta themestek-entry-meta-blogbox\"><span class=\"themestek-meta-line cat-links\"><span class=\"screen-reader-text themestek-hide\">Categories <\/span><a href=\"https:\/\/smlfashion.pl\/blog\/category\/fashion\/\">Fashion<\/a><\/span><\/div><\/div>\t\t\r\n\t\t\t<div class=\"themestek-box-title\"><h4><a href=\"https:\/\/smlfashion.pl\/blog\/czy-sukienki-w-kwiaty-sa-modne-na-wesele\/\">Czy sukienki w kwiaty s\u0105 modne na wesele?<\/a><\/h4><\/div>\r\n\t\t\t<div class=\"themestek-box-desc\">\r\n\t\t\t\t<div class=\"themestek-box-desc-footer\">\r\n\t\t\t\t\t<div class=\"themestek-blogbox-desc-footer\">\r\n\r\n\t\t\t\t\t\t<span class=\"themestek-avatar\">\r\n\t\t\t\t\t\t\t<span class=\"themestek-meta-by\">by<\/span>\r\n\t\t\t\t\t\t\tsmlfashion\t\t\t\t\t\t<\/span>\r\n\r\n\t\t\t\t\t\t<span class=\"themestek-meta-line posted-on\">\r\n\t\t\t\t\t\t\t<span class=\"screen-reader-text themestek-hide\">\r\n\t\t\t\t\t\t\t\tPosted on\t\t\t\t\t\t\t<\/span>\r\n\t\t\t\t\t\t\t<a href=\"https:\/\/smlfashion.pl\/blog\/czy-sukienki-w-kwiaty-sa-modne-na-wesele\/\" rel=\"bookmark\">\r\n\t\t\t\t\t\t\t\t<time class=\"entry-date published\" datetime=\"2023-03-31T18:48:33+02:00\">31 marca 2023<\/time>\r\n\t\t\t\t\t\t\t\t<time class=\"updated themestek-hide\" datetime=\"2023-03-31T18:48:33+02:00\">31 marca 2023<\/time>\r\n\t\t\t\t\t\t\t<\/a>\r\n\t\t\t\t\t\t<\/span>\r\n\r\n\t\t\t\t\t<\/div>\r\n\t\t\t\t   <div class=\"themestek-box-desc-text\">\r\n\t\t\t\t   \t<P>Sukienki w kwiaty to klasyk, kt\u00f3ry nigdy nie wychodzi z mody. Zwiewna <a href=\"https:\/\/smlfashion.pl\/50-sukienki-midi\">sukienka w kwiaty midi<\/a> z kopertowym dekoltem i d\u0142ugimi r\u0119kawami to must-have w ka\u017cdej kobiecej garderobie. Sukienka ta jest idealna do pracy, na biznesowe spotkania, jak i na co dzie\u0144. Zanurz si\u0119 w krainie kwiat\u00f3w z nasz\u0105 najnowsz\u0105 sukienk\u0105! Prezentujemy wam nasz\u0105 <a href=\"https:\/\/smlfashion.pl\/sukienki-smlfashion\/583-sukienka-w-kwiaty-midi-z-kopertowym-dekoltem-asymetryczna-paradise.html\">Sukienk\u0119 w kwiaty midi z kopertowym dekoltem asymetryczn\u0105 PARADISE\u00a0\u00a0<\/a>\r\n\r\n<\/P>\r\n\t\t\t\t   <\/div>\r\n\t\t\t\t\t<div class=\"themestek-blogbox-footer-readmore\">\r\n\t\t\t\t\t\t<div class=\"themestek-blogbox-footer-left themestek-wrap-cell\"><a href=\"https:\/\/smlfashion.pl\/blog\/czy-sukienki-w-kwiaty-sa-modne-na-wesele\/\">Czytaj wi\u0119cej...<\/a><\/div>\t\t\t\t\t<\/div>\r\n\r\n\t\t\t\t<\/div>\r\n\t\t\t<\/div>\t\t\t\r\n\t\t<\/div> \r\n\t\t   <\/div>\r\n\t<\/div>\r\n<\/article><\/div><div class=\"themestek-box-col-wrapper col-lg-12 col-sm-12 col-md-12 col-xs-12 fashion\"><article class=\"themestek-box themestek-box-blog themestek-blogbox-style-3 themestek-blogbox-format- \">\r\n\t<div class=\"post-item clearfix\">\r\n\t\t\t\t<div class=\"themestek-box-img-left\">\r\n\t\t\t<div class=\"themestek-featured-wrapper themestek-post-featured-wrapper themestek-post-format-\"><a href=\"https:\/\/smlfashion.pl\/blog\/czerwona-sukienka-na-wesele\/\"><img loading=\"lazy\" decoding=\"async\" width=\"700\" height=\"800\" src=\"https:\/\/smlfashion.pl\/blog\/wp-content\/uploads\/2023\/03\/COPY-COPY-COPY-Post-na-Instagram-1080x1080-px-5-700x800.jpeg\" class=\"attachment-themestek-img-700x800 size-themestek-img-700x800 wp-post-image\" alt=\"Dlaczego czerwona sukienka z falbankami to idealny wyb\u00f3r na wesele\" data-id=\"2432\" \/><\/a><\/div>\t\t\r\n\t\t<\/div>\r\n\t\t<div class=\"themestek-box-des-right\">\r\n\t\t <div class=\"themestek-box-content\">\t\r\n\t\t\t<!-- Meta -->\r\n\t\t\t<div class=\"themestek-entry-meta-wrapper\"><div class=\"entry-meta themestek-entry-meta themestek-entry-meta-blogbox\"><span class=\"themestek-meta-line cat-links\"><span class=\"screen-reader-text themestek-hide\">Categories <\/span><a href=\"https:\/\/smlfashion.pl\/blog\/category\/fashion\/\">Fashion<\/a><\/span><\/div><\/div>\t\t\r\n\t\t\t<div class=\"themestek-box-title\"><h4><a href=\"https:\/\/smlfashion.pl\/blog\/czerwona-sukienka-na-wesele\/\">Czerwona sukienka na wesele?<\/a><\/h4><\/div>\r\n\t\t\t<div class=\"themestek-box-desc\">\r\n\t\t\t\t<div class=\"themestek-box-desc-footer\">\r\n\t\t\t\t\t<div class=\"themestek-blogbox-desc-footer\">\r\n\r\n\t\t\t\t\t\t<span class=\"themestek-avatar\">\r\n\t\t\t\t\t\t\t<span class=\"themestek-meta-by\">by<\/span>\r\n\t\t\t\t\t\t\tsmlfashion\t\t\t\t\t\t<\/span>\r\n\r\n\t\t\t\t\t\t<span class=\"themestek-meta-line posted-on\">\r\n\t\t\t\t\t\t\t<span class=\"screen-reader-text themestek-hide\">\r\n\t\t\t\t\t\t\t\tPosted on\t\t\t\t\t\t\t<\/span>\r\n\t\t\t\t\t\t\t<a href=\"https:\/\/smlfashion.pl\/blog\/czerwona-sukienka-na-wesele\/\" rel=\"bookmark\">\r\n\t\t\t\t\t\t\t\t<time class=\"entry-date published\" datetime=\"2023-03-27T17:16:59+02:00\">27 marca 2023<\/time>\r\n\t\t\t\t\t\t\t\t<time class=\"updated themestek-hide\" datetime=\"2024-12-11T21:32:13+01:00\">11 grudnia 2024<\/time>\r\n\t\t\t\t\t\t\t<\/a>\r\n\t\t\t\t\t\t<\/span>\r\n\r\n\t\t\t\t\t<\/div>\r\n\t\t\t\t   <div class=\"themestek-box-desc-text\">\r\n\t\t\t\t   \t<P><strong>Czerwona sukienka na wesele<\/strong> to odwa\u017cny, ale jednocze\u015bnie szalenie elegancki wyb\u00f3r. Czerwie\u0144 od dawna kojarzy si\u0119 z pewno\u015bci\u0105 siebie, pasj\u0105 i kobieco\u015bci\u0105, co czyni j\u0105 doskona\u0142ym kolorem na tak wyj\u0105tkowe okazje. Decyduj\u0105c si\u0119 na czerwon\u0105 sukienk\u0119, warto jednak pami\u0119ta\u0107 o odpowiednim kroju \u2013 sukienka na wesele powinna by\u0107 elegancka, ale nie zbyt wyzywaj\u0105ca. <a href=\"https:\/\/smlfashion.pl\/43-sukienki-na-wesele\">Szukasz wyj\u0105tkowej sukienki na wesele?<\/a> Mamy dla Ciebie propozycj\u0119, kt\u00f3ra z pewno\u015bci\u0105 przyci\u0105gnie uwag\u0119! Czerwona sukienka hiszpanka z falbankami na ramionach to idealna propozycja dla ka\u017cdej kobiety, kt\u00f3ra chce wygl\u0105da\u0107 niezwykle stylowo i kobieco.\r\n\r\n<\/P>\r\n\t\t\t\t   <\/div>\r\n\t\t\t\t\t<div class=\"themestek-blogbox-footer-readmore\">\r\n\t\t\t\t\t\t<div class=\"themestek-blogbox-footer-left themestek-wrap-cell\"><a href=\"https:\/\/smlfashion.pl\/blog\/czerwona-sukienka-na-wesele\/\">Czytaj wi\u0119cej...<\/a><\/div>\t\t\t\t\t<\/div>\r\n\r\n\t\t\t\t<\/div>\r\n\t\t\t<\/div>\t\t\t\r\n\t\t<\/div> \r\n\t\t   <\/div>\r\n\t<\/div>\r\n<\/article><\/div><div class=\"themestek-box-col-wrapper col-lg-12 col-sm-12 col-md-12 col-xs-12 fashion\"><article class=\"themestek-box themestek-box-blog themestek-blogbox-style-3 themestek-blogbox-format-image \">\r\n\t<div class=\"post-item clearfix\">\r\n\t\t\t\t<div class=\"themestek-box-img-left\">\r\n\t\t\t<div class=\"themestek-featured-wrapper themestek-post-featured-wrapper themestek-post-format-image\"><a href=\"https:\/\/smlfashion.pl\/blog\/jakie-dodatki-pasuja-do-kompletu-damskiego-buty-bizuteria-torebka-a-moze-kapelusz\/\"><img loading=\"lazy\" decoding=\"async\" width=\"700\" height=\"800\" src=\"https:\/\/smlfashion.pl\/blog\/wp-content\/uploads\/2023\/03\/Jakie-dodatki-pasuja-do-kompletu-damskiego-Buty-bizuteria-torebka-a-moze-kapelusz-2-700x800.jpg\" class=\"attachment-themestek-img-700x800 size-themestek-img-700x800 wp-post-image\" alt=\"Jakie dodatki pasuj\u0105 do kompletu damskiego Buty, bi\u017cuteria, torebka a mo\u017ce kapelusz (2)\" data-id=\"2422\" \/><\/a><\/div>\t\t\r\n\t\t<\/div>\r\n\t\t<div class=\"themestek-box-des-right\">\r\n\t\t <div class=\"themestek-box-content\">\t\r\n\t\t\t<!-- Meta -->\r\n\t\t\t<div class=\"themestek-entry-meta-wrapper\"><div class=\"entry-meta themestek-entry-meta themestek-entry-meta-blogbox\"><span class=\"themestek-meta-line cat-links\"><span class=\"screen-reader-text themestek-hide\">Categories <\/span><a href=\"https:\/\/smlfashion.pl\/blog\/category\/fashion\/\">Fashion<\/a><\/span><\/div><\/div>\t\t\r\n\t\t\t<div class=\"themestek-box-title\"><h4><a href=\"https:\/\/smlfashion.pl\/blog\/jakie-dodatki-pasuja-do-kompletu-damskiego-buty-bizuteria-torebka-a-moze-kapelusz\/\">Jakie dodatki pasuj\u0105 do kompletu damskiego? Buty, bi\u017cuteria, torebka a mo\u017ce kapelusz?<\/a><\/h4><\/div>\r\n\t\t\t<div class=\"themestek-box-desc\">\r\n\t\t\t\t<div class=\"themestek-box-desc-footer\">\r\n\t\t\t\t\t<div class=\"themestek-blogbox-desc-footer\">\r\n\r\n\t\t\t\t\t\t<span class=\"themestek-avatar\">\r\n\t\t\t\t\t\t\t<span class=\"themestek-meta-by\">by<\/span>\r\n\t\t\t\t\t\t\tsmlfashion\t\t\t\t\t\t<\/span>\r\n\r\n\t\t\t\t\t\t<span class=\"themestek-meta-line posted-on\">\r\n\t\t\t\t\t\t\t<span class=\"screen-reader-text themestek-hide\">\r\n\t\t\t\t\t\t\t\tPosted on\t\t\t\t\t\t\t<\/span>\r\n\t\t\t\t\t\t\t<a href=\"https:\/\/smlfashion.pl\/blog\/jakie-dodatki-pasuja-do-kompletu-damskiego-buty-bizuteria-torebka-a-moze-kapelusz\/\" rel=\"bookmark\">\r\n\t\t\t\t\t\t\t\t<time class=\"entry-date published\" datetime=\"2023-03-22T22:28:18+01:00\">22 marca 2023<\/time>\r\n\t\t\t\t\t\t\t\t<time class=\"updated themestek-hide\" datetime=\"2023-03-27T17:17:40+02:00\">27 marca 2023<\/time>\r\n\t\t\t\t\t\t\t<\/a>\r\n\t\t\t\t\t\t<\/span>\r\n\r\n\t\t\t\t\t<\/div>\r\n\t\t\t\t   <div class=\"themestek-box-desc-text\">\r\n\t\t\t\t   \t<P><a href=\"https:\/\/smlfashion.pl\/komplety-damskie\/830-komplet-dwuczesciowy-top-i-spodnica-w-kwiaty-galaxity.html\">Komplet damski mini i top<\/a> w kwiaty to ju\u017c sam w sobie efektowny zestaw, ale z odpowiednio dobranymi dodatkami mo\u017cesz podkre\u015bli\u0107 jego urok i stworzy\u0107 jeszcze bardziej wyj\u0105tkowy look.\r\n\r\n<\/P>\r\n\t\t\t\t   <\/div>\r\n\t\t\t\t\t<div class=\"themestek-blogbox-footer-readmore\">\r\n\t\t\t\t\t\t<div class=\"themestek-blogbox-footer-left themestek-wrap-cell\"><a href=\"https:\/\/smlfashion.pl\/blog\/jakie-dodatki-pasuja-do-kompletu-damskiego-buty-bizuteria-torebka-a-moze-kapelusz\/\">Czytaj wi\u0119cej...<\/a><\/div>\t\t\t\t\t<\/div>\r\n\r\n\t\t\t\t<\/div>\r\n\t\t\t<\/div>\t\t\t\r\n\t\t<\/div> \r\n\t\t   <\/div>\r\n\t<\/div>\r\n<\/article><\/div><div class=\"themestek-box-col-wrapper col-lg-12 col-sm-12 col-md-12 col-xs-12 fashion\"><article class=\"themestek-box themestek-box-blog themestek-blogbox-style-3 themestek-blogbox-format-image \">\r\n\t<div class=\"post-item clearfix\">\r\n\t\t\t\t<div class=\"themestek-box-img-left\">\r\n\t\t\t<div class=\"themestek-featured-wrapper themestek-post-featured-wrapper themestek-post-format-image\"><a href=\"https:\/\/smlfashion.pl\/blog\/komplety-damskie-na-impreze-na-ktore-nie-wydasz-fortuny-i-je-pokochasz\/\"><img loading=\"lazy\" decoding=\"async\" width=\"700\" height=\"800\" src=\"https:\/\/smlfashion.pl\/blog\/wp-content\/uploads\/2023\/03\/komplet-damski-bluzka-hiszpanka-i-spodnica-z-falbankami-spain-pudrowy-roz-1-700x800.jpg\" class=\"attachment-themestek-img-700x800 size-themestek-img-700x800 wp-post-image\" alt=\"komplet-damski-bluzka-hiszpanka-i-spodnica-z-falbankami-spain-pudrowy-roz (1)\" data-id=\"2396\" \/><\/a><\/div>\t\t\r\n\t\t<\/div>\r\n\t\t<div class=\"themestek-box-des-right\">\r\n\t\t <div class=\"themestek-box-content\">\t\r\n\t\t\t<!-- Meta -->\r\n\t\t\t<div class=\"themestek-entry-meta-wrapper\"><div class=\"entry-meta themestek-entry-meta themestek-entry-meta-blogbox\"><span class=\"themestek-meta-line cat-links\"><span class=\"screen-reader-text themestek-hide\">Categories <\/span><a href=\"https:\/\/smlfashion.pl\/blog\/category\/fashion\/\">Fashion<\/a><\/span><\/div><\/div>\t\t\r\n\t\t\t<div class=\"themestek-box-title\"><h4><a href=\"https:\/\/smlfashion.pl\/blog\/komplety-damskie-na-impreze-na-ktore-nie-wydasz-fortuny-i-je-pokochasz\/\">Komplety damskie na imprez\u0119 &#8211; na kt\u00f3re, nie wydasz fortuny i je pokochasz.<\/a><\/h4><\/div>\r\n\t\t\t<div class=\"themestek-box-desc\">\r\n\t\t\t\t<div class=\"themestek-box-desc-footer\">\r\n\t\t\t\t\t<div class=\"themestek-blogbox-desc-footer\">\r\n\r\n\t\t\t\t\t\t<span class=\"themestek-avatar\">\r\n\t\t\t\t\t\t\t<span class=\"themestek-meta-by\">by<\/span>\r\n\t\t\t\t\t\t\tsmlfashion\t\t\t\t\t\t<\/span>\r\n\r\n\t\t\t\t\t\t<span class=\"themestek-meta-line posted-on\">\r\n\t\t\t\t\t\t\t<span class=\"screen-reader-text themestek-hide\">\r\n\t\t\t\t\t\t\t\tPosted on\t\t\t\t\t\t\t<\/span>\r\n\t\t\t\t\t\t\t<a href=\"https:\/\/smlfashion.pl\/blog\/komplety-damskie-na-impreze-na-ktore-nie-wydasz-fortuny-i-je-pokochasz\/\" rel=\"bookmark\">\r\n\t\t\t\t\t\t\t\t<time class=\"entry-date published\" datetime=\"2023-03-20T18:47:38+01:00\">20 marca 2023<\/time>\r\n\t\t\t\t\t\t\t\t<time class=\"updated themestek-hide\" datetime=\"2023-03-27T17:18:03+02:00\">27 marca 2023<\/time>\r\n\t\t\t\t\t\t\t<\/a>\r\n\t\t\t\t\t\t<\/span>\r\n\r\n\t\t\t\t\t<\/div>\r\n\t\t\t\t   <div class=\"themestek-box-desc-text\">\r\n\t\t\t\t   \t<P>Chcesz wygl\u0105da\u0107 zjawiskowo na imprezie, ale nie chcesz wydawa\u0107 fortuny na ubrania? Oto kilka propozycji pi\u0119knych, zmys\u0142owych <a href=\"https:\/\/smlfashion.pl\">komplet\u00f3w damskich na imprez\u0119<\/a> w super cenach, kt\u00f3re z pewno\u015bci\u0105 pokochasz:\r\n\r\n<\/P>\r\n\t\t\t\t   <\/div>\r\n\t\t\t\t\t<div class=\"themestek-blogbox-footer-readmore\">\r\n\t\t\t\t\t\t<div class=\"themestek-blogbox-footer-left themestek-wrap-cell\"><a href=\"https:\/\/smlfashion.pl\/blog\/komplety-damskie-na-impreze-na-ktore-nie-wydasz-fortuny-i-je-pokochasz\/\">Czytaj wi\u0119cej...<\/a><\/div>\t\t\t\t\t<\/div>\r\n\r\n\t\t\t\t<\/div>\r\n\t\t\t<\/div>\t\t\t\r\n\t\t<\/div> \r\n\t\t   <\/div>\r\n\t<\/div>\r\n<\/article><\/div>\r\n\t\t\t<\/div>\r\n\t\t<\/div><!-- .themestek-boxes-inner -->   <\/div><!-- .themestek-boxes -->  [\/vc_column][vc_column width=&#8221;1\/4&#8243; el_class=&#8221;stiky-sidebar-right&#8221;][vc_widget_sidebar sidebar_id=&#8221;themestek-sidebar-right-page&#8221;][\/vc_column][\/vc_row]<\/p>\n","protected":false},"excerpt":{"rendered":"<p>[vc_row css=&#8221;.vc_custom_1554445768452{padding-top: 0px !important;padding-bottom: 5px !important;}&#8221;][vc_column][vc_column_text][mc4wp_form id=&#8221;415&#8243;][\/vc_column_text][\/vc_column][\/vc_row][vc_row el_class=&#8221;themestek_page_sidebar&#8221; css=&#8221;.vc_custom_1554098147249{padding-bottom: 60px !important;}&#8221; themestek_responsive_css=&#8221;79962964|colbreak_no|||||||||colbreak_no|||||||||colbreak_no|||||10||0|||colbreak_no|||||||||&#8221;][vc_column width=&#8221;3\/4&#8243; css=&#8221;.vc_custom_1533806235186{padding-right: 15px !important;padding-left: 15px !important;}&#8221; el_class=&#8221;stikyprimary&#8221;][\/vc_column][vc_column width=&#8221;1\/4&#8243; el_class=&#8221;stiky-sidebar-right&#8221;][vc_widget_sidebar sidebar_id=&#8221;themestek-sidebar-right-page&#8221;][\/vc_column][\/vc_row]<\/p>\n","protected":false},"author":1,"featured_media":0,"parent":0,"menu_order":2,"comment_status":"closed","ping_status":"closed","template":"","meta":{"footnotes":""},"yoast_head":"<!-- This site is optimized with the Yoast SEO plugin v20.4 - https:\/\/yoast.com\/wordpress\/plugins\/seo\/ -->\n<title>Blog modowy - stylizacje - moda - butik online - blog modowy smlfashion.pl<\/title>\n<meta name=\"robots\" content=\"index, follow, max-snippet:-1, max-image-preview:large, max-video-preview:-1\" \/>\n<link rel=\"canonical\" href=\"https:\/\/smlfashion.pl\/blog\/\" \/>\n<meta property=\"og:locale\" content=\"pl_PL\" \/>\n<meta property=\"og:type\" content=\"article\" \/>\n<meta property=\"og:title\" content=\"Blog modowy - stylizacje - moda - butik online - blog modowy smlfashion.pl\" \/>\n<meta property=\"og:description\" content=\"[vc_row css=&#8221;.vc_custom_1554445768452{padding-top: 0px !important;padding-bottom: 5px !important;}&#8221;][vc_column][vc_column_text][mc4wp_form id=&#8221;415&#8243;][\/vc_column_text][\/vc_column][\/vc_row][vc_row el_class=&#8221;themestek_page_sidebar&#8221; css=&#8221;.vc_custom_1554098147249{padding-bottom: 60px !important;}&#8221; themestek_responsive_css=&#8221;79962964|colbreak_no|||||||||colbreak_no|||||||||colbreak_no|||||10||0|||colbreak_no|||||||||&#8221;][vc_column width=&#8221;3\/4&#8243; css=&#8221;.vc_custom_1533806235186{padding-right: 15px !important;padding-left: 15px !important;}&#8221; el_class=&#8221;stikyprimary&#8221;][\/vc_column][vc_column width=&#8221;1\/4&#8243; el_class=&#8221;stiky-sidebar-right&#8221;][vc_widget_sidebar sidebar_id=&#8221;themestek-sidebar-right-page&#8221;][\/vc_column][\/vc_row]\" \/>\n<meta property=\"og:url\" content=\"https:\/\/smlfashion.pl\/blog\/\" \/>\n<meta property=\"og:site_name\" content=\"blog modowy smlfashion.pl\" \/>\n<meta property=\"article:modified_time\" content=\"2021-07-01T16:38:58+00:00\" \/>\n<meta name=\"twitter:card\" content=\"summary_large_image\" \/>\n<script type=\"application\/ld+json\" class=\"yoast-schema-graph\">{\"@context\":\"https:\/\/schema.org\",\"@graph\":[{\"@type\":\"WebPage\",\"@id\":\"https:\/\/smlfashion.pl\/blog\/\",\"url\":\"https:\/\/smlfashion.pl\/blog\/\",\"name\":\"Blog modowy - stylizacje - moda - butik online - blog modowy smlfashion.pl\",\"isPartOf\":{\"@id\":\"https:\/\/smlfashion.pl\/blog\/#website\"},\"datePublished\":\"2019-02-25T09:50:48+00:00\",\"dateModified\":\"2021-07-01T16:38:58+00:00\",\"breadcrumb\":{\"@id\":\"https:\/\/smlfashion.pl\/blog\/#breadcrumb\"},\"inLanguage\":\"pl-PL\",\"potentialAction\":[{\"@type\":\"ReadAction\",\"target\":[\"https:\/\/smlfashion.pl\/blog\/\"]}]},{\"@type\":\"BreadcrumbList\",\"@id\":\"https:\/\/smlfashion.pl\/blog\/#breadcrumb\",\"itemListElement\":[{\"@type\":\"ListItem\",\"position\":1,\"name\":\"Strona g\u0142\u00f3wna\",\"item\":\"https:\/\/smlfashion.pl\/blog\/\"},{\"@type\":\"ListItem\",\"position\":2,\"name\":\"Blog modowy &#8211; stylizacje &#8211; moda &#8211; butik online\"}]},{\"@type\":\"WebSite\",\"@id\":\"https:\/\/smlfashion.pl\/blog\/#website\",\"url\":\"https:\/\/smlfashion.pl\/blog\/\",\"name\":\"blog modowy smlfashion.pl\",\"description\":\"blog modowy smlfashion.pl - inspiracje, moda, trendy, stylizacje.\",\"potentialAction\":[{\"@type\":\"SearchAction\",\"target\":{\"@type\":\"EntryPoint\",\"urlTemplate\":\"https:\/\/smlfashion.pl\/blog\/?s={search_term_string}\"},\"query-input\":\"required name=search_term_string\"}],\"inLanguage\":\"pl-PL\"}]}<\/script>\n<!-- \/ Yoast SEO plugin. -->","yoast_head_json":{"title":"Blog modowy - stylizacje - moda - butik online - blog modowy smlfashion.pl","robots":{"index":"index","follow":"follow","max-snippet":"max-snippet:-1","max-image-preview":"max-image-preview:large","max-video-preview":"max-video-preview:-1"},"canonical":"https:\/\/smlfashion.pl\/blog\/","og_locale":"pl_PL","og_type":"article","og_title":"Blog modowy - stylizacje - moda - butik online - blog modowy smlfashion.pl","og_description":"[vc_row css=&#8221;.vc_custom_1554445768452{padding-top: 0px !important;padding-bottom: 5px !important;}&#8221;][vc_column][vc_column_text][mc4wp_form id=&#8221;415&#8243;][\/vc_column_text][\/vc_column][\/vc_row][vc_row el_class=&#8221;themestek_page_sidebar&#8221; css=&#8221;.vc_custom_1554098147249{padding-bottom: 60px !important;}&#8221; themestek_responsive_css=&#8221;79962964|colbreak_no|||||||||colbreak_no|||||||||colbreak_no|||||10||0|||colbreak_no|||||||||&#8221;][vc_column width=&#8221;3\/4&#8243; css=&#8221;.vc_custom_1533806235186{padding-right: 15px !important;padding-left: 15px !important;}&#8221; el_class=&#8221;stikyprimary&#8221;][\/vc_column][vc_column width=&#8221;1\/4&#8243; el_class=&#8221;stiky-sidebar-right&#8221;][vc_widget_sidebar sidebar_id=&#8221;themestek-sidebar-right-page&#8221;][\/vc_column][\/vc_row]","og_url":"https:\/\/smlfashion.pl\/blog\/","og_site_name":"blog modowy smlfashion.pl","article_modified_time":"2021-07-01T16:38:58+00:00","twitter_card":"summary_large_image","schema":{"@context":"https:\/\/schema.org","@graph":[{"@type":"WebPage","@id":"https:\/\/smlfashion.pl\/blog\/","url":"https:\/\/smlfashion.pl\/blog\/","name":"Blog modowy - stylizacje - moda - butik online - blog modowy smlfashion.pl","isPartOf":{"@id":"https:\/\/smlfashion.pl\/blog\/#website"},"datePublished":"2019-02-25T09:50:48+00:00","dateModified":"2021-07-01T16:38:58+00:00","breadcrumb":{"@id":"https:\/\/smlfashion.pl\/blog\/#breadcrumb"},"inLanguage":"pl-PL","potentialAction":[{"@type":"ReadAction","target":["https:\/\/smlfashion.pl\/blog\/"]}]},{"@type":"BreadcrumbList","@id":"https:\/\/smlfashion.pl\/blog\/#breadcrumb","itemListElement":[{"@type":"ListItem","position":1,"name":"Strona g\u0142\u00f3wna","item":"https:\/\/smlfashion.pl\/blog\/"},{"@type":"ListItem","position":2,"name":"Blog modowy &#8211; stylizacje &#8211; moda &#8211; butik online"}]},{"@type":"WebSite","@id":"https:\/\/smlfashion.pl\/blog\/#website","url":"https:\/\/smlfashion.pl\/blog\/","name":"blog modowy smlfashion.pl","description":"blog modowy smlfashion.pl - inspiracje, moda, trendy, stylizacje.","potentialAction":[{"@type":"SearchAction","target":{"@type":"EntryPoint","urlTemplate":"https:\/\/smlfashion.pl\/blog\/?s={search_term_string}"},"query-input":"required name=search_term_string"}],"inLanguage":"pl-PL"}]}},"_links":{"self":[{"href":"https:\/\/smlfashion.pl\/blog\/wp-json\/wp\/v2\/pages\/132"}],"collection":[{"href":"https:\/\/smlfashion.pl\/blog\/wp-json\/wp\/v2\/pages"}],"about":[{"href":"https:\/\/smlfashion.pl\/blog\/wp-json\/wp\/v2\/types\/page"}],"author":[{"embeddable":true,"href":"https:\/\/smlfashion.pl\/blog\/wp-json\/wp\/v2\/users\/1"}],"replies":[{"embeddable":true,"href":"https:\/\/smlfashion.pl\/blog\/wp-json\/wp\/v2\/comments?post=132"}],"version-history":[{"count":3,"href":"https:\/\/smlfashion.pl\/blog\/wp-json\/wp\/v2\/pages\/132\/revisions"}],"predecessor-version":[{"id":1814,"href":"https:\/\/smlfashion.pl\/blog\/wp-json\/wp\/v2\/pages\/132\/revisions\/1814"}],"wp:attachment":[{"href":"https:\/\/smlfashion.pl\/blog\/wp-json\/wp\/v2\/media?parent=132"}],"curies":[{"name":"wp","href":"https:\/\/api.w.org\/{rel}","templated":true}]}}